{"id":4004,"date":"2015-10-29T10:31:09","date_gmt":"2015-10-29T09:31:09","guid":{"rendered":"https:\/\/artlawfoundation.com\/serie-des-etudes-en-droit-de-lart\/"},"modified":"2024-11-11T18:01:41","modified_gmt":"2024-11-11T17:01:41","slug":"serie-des-etudes-en-droit-de-lart","status":"publish","type":"page","link":"https:\/\/artlawfoundation.com\/fr\/serie-des-etudes-en-droit-de-lart\/","title":{"rendered":"S\u00e9rie des \u00e9tudes en droit de l\u2019art"},"content":{"rendered":"<h1><strong><em><a href=\"https:\/\/artlawfoundation.com\/fr\/magazine\/\">Art Law Magazine<\/a>\u00a0<span class=\"grey\">|<\/span> <\/em><\/strong><strong><em>\u00c9tudes en droit de l\u2019art <\/em><\/strong><\/h1>\n<p>La s\u00e9rie des \u00c9tudes en droit de l&rsquo;art peut \u00eatre command\u00e9e directement aupr\u00e8s de la maison d&rsquo;\u00e9dition Helbing Lichtenhahn (\u00e0 partir du volume 28) <a href=\"https:\/\/www.helbing.ch\/\">https:\/\/www.helbing.ch\/<\/a>\u00a0et Schulthess (tous les autres volumes):\u00a0<a href=\"http:\/\/www.schulthess.com\" target=\"_blank\" rel=\"noopener\">http:\/\/www.schulthess.com<\/a><\/p>\n<div class=\"col-sm-12 bordo\"><\/div>\n\t\t\t\t<div class=\"col-sm-2 hidden-xs text-center-xs book-ico\"><img decoding=\"async\" src=\"https:\/\/artlawfoundation.com\/site\/wp-content\/uploads\/2024\/07\/Volume-31.jpg\"><\/div>\n\t\t\t\t<div class=\"col-sm-10 profileTxt\">\n\t\t\t\t\t<h3><strong>Marc-Andr\u00e9 Renold, Marina Schneider et Isabelle Tassignon (\u00e9d.), Quel avenir pour les oeuvres orphelines?<\/strong><\/h3>\n\t\t\t\t\t<div class=\"info\">volume 31, 2023, 288 pages.<\/div>\n\t\t\t\t\t<p>Les \u0153uvres dites orphelines, autrement dit les biens culturels qui sont sans provenance av\u00e9r\u00e9e ou qui pr\u00e9sentent des lacunes importantes dans celle-ci, sont la source de multiples questions juridiques, \u00e9thiques, arch\u00e9ologiques et historiques. Un important colloque international organis\u00e9 conjointement par l'Universit\u00e9 de Gen\u00e8ve, UNIDROIT et la Fondation Gandur pour l'Art a r\u00e9uni d'\u00e9minents experts, praticiens et chercheurs pour r\u00e9fl\u00e9chir au sujet et tenter de mettre au point une strat\u00e9gie en la mati\u00e8re. Il s'agit d'un sujet central pour le march\u00e9 de l'art, les collectionneurs et les mus\u00e9es d'aujourd'hui, \u00e0 l'heure o\u00f9 les questions de recherche de provenance sont toujours plus significatives. CHF 58.-<\/p>\n\t\t\t\t<\/div>\n<div class=\"col-sm-12 bordo\"><\/div>\n\t\t\t\t<div class=\"col-sm-2 hidden-xs text-center-xs book-ico\"><img decoding=\"async\" src=\"https:\/\/artlawfoundation.com\/site\/wp-content\/uploads\/2024\/07\/Volume-30.jpg\"><\/div>\n\t\t\t\t<div class=\"col-sm-10 profileTxt\">\n\t\t\t\t\t<h3><strong>Ece Velioglu Yildizci, State Ownership of Archaeological Heritage: International, Swiss and Turkish Law Perspectives<\/strong><\/h3>\n\t\t\t\t\t<div class=\"info\">volume 30, 2023, 288 pages.<\/div>\n\t\t\t\t\t<p>This thesis examines and compares the State\u2019s ownership of archaeological heritage in Switzerland and Turkey, two countries with contrasting political structures and archaeological contexts. The comparative analysis, which is based on both the movable and immovable parts of archaeological heritage, is later used to formulate general recommendations applicable to other countries. Such recommendations are built on the Model Provisions on State Ownership of Undiscovered Cultural Objects elaborated by UNESCO and UNIDROIT. The recommendations propose that States go further than the Model Provisions by enacting laws that explicitly delineate the State\u2019s duties regarding archaeological heritage protection and by reinforcing the ownership regimes for such heritage. CHF 58.-<\/p>\n\t\t\t\t<\/div>\n<div class=\"col-sm-12 bordo\"><\/div>\n\t\t\t\t<div class=\"col-sm-2 hidden-xs text-center-xs book-ico\"><img decoding=\"async\" src=\"https:\/\/artlawfoundation.com\/site\/wp-content\/uploads\/2022\/04\/Le-droit-dauteur-r\u00e9vis\u00e9.jpg\"><\/div>\n\t\t\t\t<div class=\"col-sm-10 profileTxt\">\n\t\t\t\t\t<h3><strong>Anne Laure Bandle (\u00e9d.), Le droit d'auteur r\u00e9vis\u00e9 : Adaptation de la loi f\u00e9d\u00e9rale sur le droit d'auteur et les droits voisins \u00e0 l'\u00e8re du num\u00e9rique et autres modifications<\/strong><\/h3>\n\t\t\t\t\t<div class=\"info\">volume 29, 2022, 154 pages.<\/div>\n\t\t\t\t\t<p>En raison de l\u2019\u00e9volution de l\u2019exploitation analogue vers une exploitation num\u00e9rique, le droit d\u2019auteur a d\u00fb \u00eatre adapt\u00e9. Cet ouvrage examine les nouvelles dispositions de la loi f\u00e9d\u00e9rale sur le droit d\u2019auteur et les droits voisins (LDA) qui en r\u00e9sultent. Cette r\u00e9vision porte non seulement sur le d\u00e9veloppement des technologies num\u00e9riques et les nouvelles formes d\u2019exploitation digitale des oeuvres ; elle a aussi permis d\u2019autres changements, comme l\u2019introduction d\u2019un syst\u00e8me de licence collective \u00e9tendue et la prolongation de certains droits voisins. CHF 58.-<\/p>\n\t\t\t\t<\/div>\n<div class=\"col-sm-12 bordo\"><\/div>\n\t\t\t\t<div class=\"col-sm-2 hidden-xs text-center-xs book-ico\"><img decoding=\"async\" src=\"https:\/\/artlawfoundation.com\/site\/wp-content\/uploads\/2015\/10\/Vol-27.png\"><\/div>\n\t\t\t\t<div class=\"col-sm-10 profileTxt\">\n\t\t\t\t\t<h3><strong>Anne Laure Bandle et Fr\u00e9d\u00e9ric Elsig (\u00e9d.), Risques et p\u00e9rils dans l'attribution des oeuvres d'art : de la pratique des experts aux aspects juridiques<\/strong><\/h3>\n\t\t\t\t\t<div class=\"info\">2018, 130 pages.<\/div>\n\t\t\t\t\t<p>L\u2019attribution met en jeu une multiplicit\u00e9 de facteurs dont la ma\u00eetrise et la probl\u00e9matique ne cessent d\u2019\u00e9voluer ; cette \u00e9volution a un impact direct sur le march\u00e9 de l\u2019art et sur le statut des \u0153uvres. L\u2019un des objectifs de cet ouvrage est d\u2019analyser l\u2019attribution, tant des \u0153uvres anciennes que des \u0153uvres d\u2019art contemporain, et d'examiner les probl\u00e8mes majeurs li\u00e9s \u00e0 cette pratique, tels le statut juridique des experts, les erreurs attributives et la responsabilit\u00e9 des garants et des maisons de vente aux ench\u00e8res, la l\u00e9gitimit\u00e9 des experts qui exercent une autorit\u00e9 dominante sur le march\u00e9 de l\u2019art, et les conflits d\u2019int\u00e9r\u00eat. Enfin, cet ouvrage proposera quelques solutions visant \u00e0 am\u00e9liorer le processus d\u2019authentification et \u00e0 renforcer la s\u00e9curit\u00e9 et la qualit\u00e9 d\u2019expertise dans le march\u00e9 de l\u2019art. CHF 54.-<\/p>\n\t\t\t\t<\/div>\n<div class=\"col-sm-12 bordo\"><\/div>\n\t\t\t\t<div class=\"col-sm-2 hidden-xs text-center-xs book-ico\"><img decoding=\"async\" src=\"https:\/\/artlawfoundation.com\/site\/wp-content\/uploads\/2017\/12\/Vol-26.jpg\"><\/div>\n\t\t\t\t<div class=\"col-sm-10 profileTxt\">\n\t\t\t\t\t<h3><strong>Alessandro Chechi et Marc-Andr\u00e9 Renold (\u00e9d.), <em>Cultural heritage law and ethics: mapping recent developments<\/em><\/strong><\/h3>\n\t\t\t\t\t<div class=\"info\">volume 26, 2017, 300 pages.<\/div>\n\t\t\t\t\t<p>Cultural heritage is a unique and important testimony to the history and identity of different peoples and should be preserved in all circumstances. Regrettably, it is increasingly threatened in both peacetime and during conflict. This topic was discussed during the \u201cSecond All Art and Cultural Heritage Law Conference\u201d organised by the Art-Law Centre of the University of Geneva on 24-25 June 2016, and is further examined by the authors of this book. This volume looks at the overall question of how the existing legal framework for the protection of cultural heritage can be improved. To this end, a number of recent legal developments arising from domestic and international legal practice are critically examined. These developments mostly revolve around the question of responsibility for the commission of illicit activities, on the one hand, and the relationship between law and ethics, on the other. CHF 69.-<\/p>\n\t\t\t\t<\/div>\n<div class=\"col-sm-12 bordo\"><\/div>\n\t\t\t\t<div class=\"col-sm-2 hidden-xs text-center-xs book-ico\"><img decoding=\"async\" src=\"https:\/\/artlawfoundation.com\/site\/wp-content\/uploads\/2015\/10\/Vol-251.jpg\"><\/div>\n\t\t\t\t<div class=\"col-sm-10 profileTxt\">\n\t\t\t\t\t<h3><strong>Pierre Gabus et Anne Laure Bandle (\u00e9d.), <em>L'art a-t-il un prix ? \/ The Art of Pricing the Priceless<\/em><\/strong><\/h3>\n\t\t\t\t\t<div class=\"info\">volume 25, 2014, 155 pages.<\/div>\n\t\t\t\t\t<p>Les ventes d\u2019art et d\u2019antiquit\u00e9s sur le march\u00e9 international ont g\u00e9n\u00e9r\u00e9 un produit de plusieurs dizaines de milliards de dollars, qui ne cesse de cro\u00eetre chaque ann\u00e9e. Les prix sont \u00e9galement en sensible augmentation, certaines ventes atteignant des sommes consid\u00e9rables. Ainsi, le march\u00e9 de l\u2019art semble n\u2019avoir aucune limite. Dans ce contexte, comment d\u00e9terminer le prix d\u2019une \u0153uvre d\u2019art ? L\u2019objectif de cet ouvrage est de d\u00e9finir les crit\u00e8res pertinents de l\u2019\u00e9valuation du prix et de d\u00e9terminer les risques inh\u00e9rents \u00e0 cet exercice. Cet ouvrage traite des principaux domaines li\u00e9s \u00e0 ces probl\u00e9matiques, notamment le contentieux, la vente, les garanties dans les ventes aux ench\u00e8res, l\u2019objet d\u2019art comme s\u00fbret\u00e9 mobili\u00e8re et la fiscalit\u00e9. Il regroupe les contributions des Professeurs Sylvain Marchand, B\u00e9n\u00e9dict Fo\u00ebx, Xavier Oberson et Henry Peter ainsi que de Pierre Valentin, Paul-Beno\u00eet Duvoisin, Pierre Gabus et Anne Laure Bandle. CHF 75.-<\/p>\n\t\t\t\t<\/div>\n<div class=\"col-sm-12 bordo\"><\/div>\n\t\t\t\t<div class=\"col-sm-2 hidden-xs text-center-xs book-ico\"><img decoding=\"async\" src=\"https:\/\/artlawfoundation.com\/site\/wp-content\/uploads\/2015\/11\/9783725567782_EDA_24.jpg\"><\/div>\n\t\t\t\t<div class=\"col-sm-10 profileTxt\">\n\t\t\t\t\t<h3><strong>Fabienne Bischoff, <em>Die Kunstm\u00e4rkte \u2013 Funktionsweise und kartellrechtliche Probleme<\/em><\/strong><\/h3>\n\t\t\t\t\t<div class=\"info\">volume 24, 2013, 210 pages.<\/div>\n\t\t\t\t\t<p>CHF 69.-<\/p>\n\t\t\t\t<\/div>\n<div class=\"col-sm-12 bordo\"><\/div>\n\t\t\t\t<div class=\"col-sm-2 hidden-xs text-center-xs book-ico\"><img decoding=\"async\" src=\"https:\/\/artlawfoundation.com\/site\/wp-content\/uploads\/2015\/11\/9783725566563_EDA_23.jpg\"><\/div>\n\t\t\t\t<div class=\"col-sm-10 profileTxt\">\n\t\t\t\t\t<h3><strong><em>Resolving Disputes in Cultural Property, La r\u00e9solution des litiges en mati\u00e8re de biens culturels<\/em><\/strong><\/h3>\n\t\t\t\t\t<div class=\"info\">volume 23, 2012, 428 pages.<\/div>\n\t\t\t\t\t<p>CHF 78.-<\/p>\n\t\t\t\t<\/div>\n<div class=\"col-sm-12 bordo\"><\/div>\n\t\t\t\t<div class=\"col-sm-2 hidden-xs text-center-xs book-ico\"><img decoding=\"async\" src=\"https:\/\/artlawfoundation.com\/site\/wp-content\/uploads\/2015\/11\/9783725565474_EDA_22.jpg\"><\/div>\n\t\t\t\t<div class=\"col-sm-10 profileTxt\">\n\t\t\t\t\t<h3><strong>Marie Boillat,<em> Trafic illicite des biens culturels et coop\u00e9ration judiciaire internationale en mati\u00e8re p\u00e9nale<\/em><\/strong><\/h3>\n\t\t\t\t\t<div class=\"info\">volume 22, 2012, 372 pages.<\/div>\n\t\t\t\t\t<p>CHF 90.-<\/p>\n\t\t\t\t<\/div>\n<div class=\"col-sm-12 bordo\"><\/div>\n\t\t\t\t<div class=\"col-sm-2 hidden-xs text-center-xs book-ico\"><img decoding=\"async\" src=\"https:\/\/artlawfoundation.com\/site\/wp-content\/uploads\/2015\/11\/9783725564279_EDA_21.jpg\"><\/div>\n\t\t\t\t<div class=\"col-sm-10 profileTxt\">\n\t\t\t\t\t<h3><strong>Jo\u00eblle Becker,  <em>La vente aux ench\u00e8res d'objets d'art en droit priv\u00e9 suisse : repr\u00e9sentation, relations contractuelles et responsabilit\u00e9s<\/em><\/strong><\/h3>\n\t\t\t\t\t<div class=\"info\">volume 21, 2011, 412 pages.<\/div>\n\t\t\t\t\t<p>CHF 90.-<\/p>\n\t\t\t\t<\/div>\n<div class=\"col-sm-12 bordo\"><\/div>\n\t\t\t\t<div class=\"col-sm-2 hidden-xs text-center-xs book-ico\"><img decoding=\"async\" src=\"https:\/\/artlawfoundation.com\/site\/wp-content\/uploads\/2015\/11\/9783725560066_EDA_20.jpg\"><\/div>\n\t\t\t\t<div class=\"col-sm-10 profileTxt\">\n\t\t\t\t\t<h3><strong><em>L'entraide judiciaire internationale dans le domaine des biens culturels<\/em>, Actes du colloque international du 6 f\u00e9vrier 2009<\/strong><\/h3>\n\t\t\t\t\t<div class=\"info\">volume 20, 2010, 122 pages.<\/div>\n\t\t\t\t\t<p>CHF 60.-<\/p>\n\t\t\t\t<\/div>\n<div class=\"col-sm-12 bordo\"><\/div>\n\t\t\t\t<div class=\"col-sm-2 hidden-xs text-center-xs book-ico\"><img decoding=\"async\" src=\"https:\/\/artlawfoundation.com\/site\/wp-content\/uploads\/2015\/11\/9783725553877_EDA_19.jpg\"><\/div>\n\t\t\t\t<div class=\"col-sm-10 profileTxt\">\n\t\t\t\t\t<h3><strong><em>L'expertise et l'authentification des oeuvres d'art<\/em>, Actes de la Journ\u00e9e d'\u00e9tude du 17 mars 2006<\/strong><\/h3>\n\t\t\t\t\t<div class=\"info\">volume 19, 2007, 176 pages.<\/div>\n\t\t\t\t\t<p>CHF 56.-<\/p>\n\t\t\t\t<\/div>\n<div class=\"col-sm-12 bordo\"><\/div>\n\t\t\t\t<div class=\"col-sm-2 hidden-xs text-center-xs book-ico\"><img decoding=\"async\" src=\"https:\/\/artlawfoundation.com\/site\/wp-content\/uploads\/2015\/11\/9783725551149_EDA_18.jpg\"><\/div>\n\t\t\t\t<div class=\"col-sm-10 profileTxt\">\n\t\t\t\t\t<h3><strong>Martin Skripsky, <em>Die Online-Kunstauktion<\/em><\/strong><\/h3>\n\t\t\t\t\t<div class=\"info\">volume 18, 353 pages.<\/div>\n\t\t\t\t\t<p>CHF 96.-<\/p>\n\t\t\t\t<\/div>\n<div class=\"col-sm-12 bordo\"><\/div>\n\t\t\t\t<div class=\"col-sm-2 hidden-xs text-center-xs book-ico\"><img decoding=\"async\" src=\"https:\/\/artlawfoundation.com\/site\/wp-content\/uploads\/2015\/11\/9783725551507_EDA_17.jpg\"><\/div>\n\t\t\t\t<div class=\"col-sm-10 profileTxt\">\n\t\t\t\t\t<h3><strong><em>Criminalit\u00e9, blanchiment et nouvelles r\u00e9glementations en mati\u00e8re de transfert de biens culturels<\/em>, Actes de la Journ\u00e9e d\u2019\u00e9tude du 8 octobre 2004<\/strong><\/h3>\n\t\t\t\t\t<div class=\"info\">volume 17, 2006, 197 pages.<\/div>\n\t\t\t\t\t<p>CHF 58.-<\/p>\n\t\t\t\t<\/div>\n<div class=\"col-sm-12 bordo\"><\/div>\n\t\t\t\t<div class=\"col-sm-2 hidden-xs text-center-xs book-ico\"><img decoding=\"async\" src=\"https:\/\/artlawfoundation.com\/site\/wp-content\/themes\/FDA-\/imgs\/mag.jpg\"><\/div>\n\t\t\t\t<div class=\"col-sm-10 profileTxt\">\n\t\t\t\t\t<h3><strong><em>Libert\u00e9 de l'art et ind\u00e9pendance de l'artiste \/ Kunstfreiheit und Unabh\u00e4ngigkeit der Kunstschaffenden<\/em>, Actes du Colloque international des 27 et 28 novembre 2003 \u00e0 Lausanne, Edit\u00e9 par l'Institut suisse de droit compar\u00e9 de Lausanne et le Centre du droit de l'art de Gen\u00e8ve<\/strong><\/h3>\n\t\t\t\t\t<div class=\"info\">volume 16, 2004, 181 pages.<\/div>\n\t\t\t\t\t<p>CHF 52.-<\/p>\n\t\t\t\t<\/div>\n<div class=\"col-sm-12 bordo\"><\/div>\n\t\t\t\t<div class=\"col-sm-2 hidden-xs text-center-xs book-ico\"><img decoding=\"async\" src=\"https:\/\/artlawfoundation.com\/site\/wp-content\/themes\/FDA-\/imgs\/mag.jpg\"><\/div>\n\t\t\t\t<div class=\"col-sm-10 profileTxt\">\n\t\t\t\t\t<h3><strong><em>Claims for the Restitution of Looted Art\/ La revendication des oeuvres d'art spoli\u00e9es<\/em><\/strong><\/h3>\n\t\t\t\t\t<div class=\"info\">volume 15, 2004, 270 pages.<\/div>\n\t\t\t\t\t<p><\/p>\n\t\t\t\t<\/div>\n<div class=\"col-sm-12 bordo\"><\/div>\n\t\t\t\t<div class=\"col-sm-2 hidden-xs text-center-xs book-ico\"><img decoding=\"async\" src=\"https:\/\/artlawfoundation.com\/site\/wp-content\/themes\/FDA-\/imgs\/mag.jpg\"><\/div>\n\t\t\t\t<div class=\"col-sm-10 profileTxt\">\n\t\t\t\t\t<h3><strong>Mathias H. Plutschow, <em>Staatliche Vorkaufsrechte im Internationalen Kulturg\u00fcterschutz<\/em><\/strong><\/h3>\n\t\t\t\t\t<div class=\"info\">volume 14, 2002, 327 pages.<\/div>\n\t\t\t\t\t<p>CHF 74.-<\/p>\n\t\t\t\t<\/div>\n<div class=\"col-sm-12 bordo\"><\/div>\n\t\t\t\t<div class=\"col-sm-2 hidden-xs text-center-xs book-ico\"><img decoding=\"async\" src=\"https:\/\/artlawfoundation.com\/site\/wp-content\/themes\/FDA-\/imgs\/mag.jpg\"><\/div>\n\t\t\t\t<div class=\"col-sm-10 profileTxt\">\n\t\t\t\t\t<h3><strong>Lorenz Ehrler, <em>Das Folgerecht \/ Le droit de suite, Eine rechtsvergleichende Untersuchung im Lichte des europ\u00e4ischen Rechts<\/em><\/strong><\/h3>\n\t\t\t\t\t<div class=\"info\">volume 13, 2001, 268 pages.<\/div>\n\t\t\t\t\t<p>CHF 64.-<\/p>\n\t\t\t\t<\/div>\n<div class=\"col-sm-12 bordo\"><\/div>\n\t\t\t\t<div class=\"col-sm-2 hidden-xs text-center-xs book-ico\"><img decoding=\"async\" src=\"https:\/\/artlawfoundation.com\/site\/wp-content\/themes\/FDA-\/imgs\/mag.jpg\"><\/div>\n\t\t\t\t<div class=\"col-sm-10 profileTxt\">\n\t\t\t\t\t<h3><strong>Andrea Rasch\u00e8r, <em>Kulturg\u00fctertransfer und Globalisierung \u2013 UNESCO-Konvention 1970 \u2013 Unidroit-Konvention 1995 \u2013 EG-Verordnung 3911\/92 \u2013 EG-Richlinie 93\/7 \u2013 Schweizerisches Recht<\/em><\/strong><\/h3>\n\t\t\t\t\t<div class=\"info\">volume 12, 2000, 247 pages.<\/div>\n\t\t\t\t\t<p>CHF 78.-<\/p>\n\t\t\t\t<\/div>\n<div class=\"col-sm-12 bordo\"><\/div>\n\t\t\t\t<div class=\"col-sm-2 hidden-xs text-center-xs book-ico\"><img decoding=\"async\" src=\"https:\/\/artlawfoundation.com\/site\/wp-content\/themes\/FDA-\/imgs\/mag.jpg\"><\/div>\n\t\t\t\t<div class=\"col-sm-10 profileTxt\">\n\t\t\t\t\t<h3><strong><em>Resolution methods for art-related disputes<\/em><\/strong><\/h3>\n\t\t\t\t\t<div class=\"info\">volume 11, 1999, 254 pages.<\/div>\n\t\t\t\t\t<p>CHF 72.-<\/p>\n\t\t\t\t<\/div>\n<div class=\"col-sm-12 bordo\"><\/div>\n\t\t\t\t<div class=\"col-sm-2 hidden-xs text-center-xs book-ico\"><img decoding=\"async\" src=\"https:\/\/artlawfoundation.com\/site\/wp-content\/themes\/FDA-\/imgs\/mag.jpg\"><\/div>\n\t\t\t\t<div class=\"col-sm-10 profileTxt\">\n\t\t\t\t\t<h3><strong><em>L'encouragement au m\u00e9c\u00e9nat en mati\u00e8re culturelle - Aspects \u00e9conomiques et fiscaux<\/em>,<\/strong><\/h3>\n\t\t\t\t\t<div class=\"info\">volume 10, 1998, 231 pages.<\/div>\n\t\t\t\t\t<p>CHF 54.-<\/p>\n\t\t\t\t<\/div>\n<div class=\"col-sm-12 bordo\"><\/div>\n\t\t\t\t<div class=\"col-sm-2 hidden-xs text-center-xs book-ico\"><img decoding=\"async\" src=\"https:\/\/artlawfoundation.com\/site\/wp-content\/themes\/FDA-\/imgs\/mag.jpg\"><\/div>\n\t\t\t\t<div class=\"col-sm-10 profileTxt\">\n\t\t\t\t\t<h3><strong><em>La Convention d'Unidroit du 24 juin 1995 sur les biens culturels vol\u00e9s ou illicitement export\u00e9s<\/em><\/strong><\/h3>\n\t\t\t\t\t<div class=\"info\">volume 9, 1997, 169 pages.<\/div>\n\t\t\t\t\t<p>CHF 52.-<\/p>\n\t\t\t\t<\/div>\n<div class=\"col-sm-12 bordo\"><\/div>\n\t\t\t\t<div class=\"col-sm-2 hidden-xs text-center-xs book-ico\"><img decoding=\"async\" src=\"https:\/\/artlawfoundation.com\/site\/wp-content\/themes\/FDA-\/imgs\/mag.jpg\"><\/div>\n\t\t\t\t<div class=\"col-sm-10 profileTxt\">\n\t\t\t\t\t<h3><strong><em>La dation d'oeuvres d'art en paiement d'imp\u00f4ts<\/em><\/strong><\/h3>\n\t\t\t\t\t<div class=\"info\">volume 8, 1996, 189 pages.<\/div>\n\t\t\t\t\t<p>CHF 49.-<\/p>\n\t\t\t\t<\/div>\n<div class=\"col-sm-12 bordo\"><\/div>\n\t\t\t\t<div class=\"col-sm-2 hidden-xs text-center-xs book-ico\"><img decoding=\"async\" src=\"https:\/\/artlawfoundation.com\/site\/wp-content\/themes\/FDA-\/imgs\/mag.jpg\"><\/div>\n\t\t\t\t<div class=\"col-sm-10 profileTxt\">\n\t\t\t\t\t<h3><strong>Laurent Schweizer, <em>Le statut des \u0153uvres d'art cr\u00e9\u00e9es en \u00e9tablissement psychiatrique<\/em><\/strong><\/h3>\n\t\t\t\t\t<div class=\"info\">volume 7, 1996, 292 pages.<\/div>\n\t\t\t\t\t<p>CHF 56.-<\/p>\n\t\t\t\t<\/div>\n<div class=\"col-sm-12 bordo\"><\/div>\n\t\t\t\t<div class=\"col-sm-2 hidden-xs text-center-xs book-ico\"><img decoding=\"async\" src=\"https:\/\/artlawfoundation.com\/site\/wp-content\/themes\/FDA-\/imgs\/mag.jpg\"><\/div>\n\t\t\t\t<div class=\"col-sm-10 profileTxt\">\n\t\t\t\t\t<h3><strong><em>La restauration des objets d'art - Aspects juridiques et \u00e9thiques\/ The Restoration of Works of Art - Legal and Ethical Aspects<\/em><\/strong><\/h3>\n\t\t\t\t\t<div class=\"info\">volume 6, 1995, 330 pages.<\/div>\n\t\t\t\t\t<p>CHF 59.-<\/p>\n\t\t\t\t<\/div>\n<div class=\"col-sm-12 bordo\"><\/div>\n\t\t\t\t<div class=\"col-sm-2 hidden-xs text-center-xs book-ico\"><img decoding=\"async\" src=\"https:\/\/artlawfoundation.com\/site\/wp-content\/themes\/FDA-\/imgs\/mag.jpg\"><\/div>\n\t\t\t\t<div class=\"col-sm-10 profileTxt\">\n\t\t\t\t\t<h3><strong><em>La r\u00e9glementation suisse de l'importation et de l'exportation des biens culturels<\/em><\/strong><\/h3>\n\t\t\t\t\t<div class=\"info\">volume 5, 1994, 176 pages.<\/div>\n\t\t\t\t\t<p>CHF 48.-<\/p>\n\t\t\t\t<\/div>\n<div class=\"col-sm-12 bordo\"><\/div>\n\t\t\t\t<div class=\"col-sm-2 hidden-xs text-center-xs book-ico\"><img decoding=\"async\" src=\"https:\/\/artlawfoundation.com\/site\/wp-content\/themes\/FDA-\/imgs\/mag.jpg\"><\/div>\n\t\t\t\t<div class=\"col-sm-10 profileTxt\">\n\t\t\t\t\t<h3><strong><em>Les objets d'art dans l'Union europ\u00e9enne - Aspects juridiques et pratiques\/ Works of Art in the European Union - Legal and Practical Aspects<\/em><\/strong><\/h3>\n\t\t\t\t\t<div class=\"info\">volume 4, 1994, 208 pages.<\/div>\n\t\t\t\t\t<p>CHF 50.-<\/p>\n\t\t\t\t<\/div>\n<div class=\"col-sm-12 bordo\"><\/div>\n\t\t\t\t<div class=\"col-sm-2 hidden-xs text-center-xs book-ico\"><img decoding=\"async\" src=\"https:\/\/artlawfoundation.com\/site\/wp-content\/themes\/FDA-\/imgs\/mag.jpg\"><\/div>\n\t\t\t\t<div class=\"col-sm-10 profileTxt\">\n\t\t\t\t\t<h3><strong><em>La libre circulation des collections d'objets d'art\/ The Free Circulation of Art Collections<\/em><\/strong><\/h3>\n\t\t\t\t\t<div class=\"info\">volume 3, 1993, 237 pages.<\/div>\n\t\t\t\t\t<p>CHF 54.-<\/p>\n\t\t\t\t<\/div>\n<div class=\"col-sm-12 bordo\"><\/div>\n\t\t\t\t<div class=\"col-sm-2 hidden-xs text-center-xs book-ico\"><img decoding=\"async\" src=\"https:\/\/artlawfoundation.com\/site\/wp-content\/themes\/FDA-\/imgs\/mag.jpg\"><\/div>\n\t\t\t\t<div class=\"col-sm-10 profileTxt\">\n\t\t\t\t\t<h3><strong>Marc Reutter, <em>Exklusivvertr\u00e4ge Zwischen K\u00fcnstler und H\u00e4ndler<\/em><\/strong><\/h3>\n\t\t\t\t\t<div class=\"info\">volume 2, 1993, 242 pages.<\/div>\n\t\t\t\t\t<p>CHF 54.-<\/p>\n\t\t\t\t<\/div>\n<div class=\"col-sm-12 bordo\"><\/div>\n\t\t\t\t<div class=\"col-sm-2 hidden-xs text-center-xs book-ico\"><img decoding=\"async\" src=\"https:\/\/artlawfoundation.com\/site\/wp-content\/themes\/FDA-\/imgs\/mag.jpg\"><\/div>\n\t\t\t\t<div class=\"col-sm-10 profileTxt\">\n\t\t\t\t\t<h3><strong>L'expertise dans la vente d'objets d'art - Aspects juridiques et pratiques<\/strong><\/h3>\n\t\t\t\t\t<div class=\"info\">volume 1, 1992, 163 pages.<\/div>\n\t\t\t\t\t<p>CHF 45.-<\/p>\n\t\t\t\t<\/div>\n[:]\n","protected":false},"excerpt":{"rendered":"Art Law Magazine\u00a0| \u00c9tudes en droit de l\u2019art La s\u00e9rie des \u00c9tudes en droit de l&rsquo;art peut \u00eatre command\u00e9e directement aupr\u00e8s de la maison d&rsquo;\u00e9dition Helbing Lichtenhahn (\u00e0 partir du volume 28) https:\/\/www.helbing.ch\/\u00a0et Schulthess (tous les autres volumes):\u00a0http:\/\/www.schulthess.com [:]","protected":false},"author":1,"featured_media":0,"parent":0,"menu_order":50,"comment_status":"closed","ping_status":"closed","template":"template-demo.php","meta":{"_acf_changed":false,"footnotes":""},"class_list":["post-4004","page","type-page","status-publish","hentry"],"acf":[],"_links":{"self":[{"href":"https:\/\/artlawfoundation.com\/fr\/wp-json\/wp\/v2\/pages\/4004","targetHints":{"allow":["GET"]}}],"collection":[{"href":"https:\/\/artlawfoundation.com\/fr\/wp-json\/wp\/v2\/pages"}],"about":[{"href":"https:\/\/artlawfoundation.com\/fr\/wp-json\/wp\/v2\/types\/page"}],"author":[{"embeddable":true,"href":"https:\/\/artlawfoundation.com\/fr\/wp-json\/wp\/v2\/users\/1"}],"replies":[{"embeddable":true,"href":"https:\/\/artlawfoundation.com\/fr\/wp-json\/wp\/v2\/comments?post=4004"}],"version-history":[{"count":1,"href":"https:\/\/artlawfoundation.com\/fr\/wp-json\/wp\/v2\/pages\/4004\/revisions"}],"predecessor-version":[{"id":4246,"href":"https:\/\/artlawfoundation.com\/fr\/wp-json\/wp\/v2\/pages\/4004\/revisions\/4246"}],"wp:attachment":[{"href":"https:\/\/artlawfoundation.com\/fr\/wp-json\/wp\/v2\/media?parent=4004"}],"curies":[{"name":"wp","href":"https:\/\/api.w.org\/{rel}","templated":true}]}}